{"id":593,"date":"2014-04-01T19:11:37","date_gmt":"2014-04-01T18:11:37","guid":{"rendered":"http:\/\/kayros.conversacioneskayros.es\/?page_id=593"},"modified":"2014-04-08T11:09:06","modified_gmt":"2014-04-08T10:09:06","slug":"momentos-kayros","status":"publish","type":"page","link":"https:\/\/www.adpsalud.es\/conversacioneskayros\/?page_id=593","title":{"rendered":"Momentos &#8211; KAYR\u00d3S"},"content":{"rendered":"<blockquote>\n<h4><span style=\"color: #00acee;\">Hay momentos decisivos de la vida que nos marcan y condicionan c\u00f3mo enfrentamos otras situaciones posteriormente. Entre estos momentos cr\u00edticos pueden estar acontecimientos traum\u00e1ticos que nos haya tocado vivir. Los problemas significativos o graves de salud y enfermedad, especialmente cuando la vida est\u00e1 en jaque o en peligro son momentos importantes.<\/span><\/h4>\n<\/blockquote>\n<p>Es muy com\u00fan que las experiencias de salud y enfermedad que experimentamos o conocemos de personas muy cercanas quedan de manera indeleble influyendo en nuestra aproximaci\u00f3n a futuros problemas de salud.<\/p>\n<p>Sin embargo, una vez superada esta situaci\u00f3n, no siempre somos capaces de poder reflexionar sobre lo que nos ha sucedido. Desaprovechamos la oportunidad de aprender del pasado para afrontar el presente y planificar m\u00e1s adecuadamente el futuro.<\/p>\n<p>El tiempo podemos vivirlo como una mera sucesi\u00f3n consecutiva y cronol\u00f3gica de momentos o con la conciencia y lucidez para identificar dentro de ese tiempo (chr\u00f3nos, en griego) los momentos cr\u00edticos (kair\u00f3s en griego) en los que \u201cnos jugamos algo importante\u201d para nuestra vida. Las experiencias de enfermedad grave son de las experiencias de vida que amenazan nuestra identidad personal y nos exige una reelaboraci\u00f3n de nuestro estar en el mundo.<\/p>\n<p>Veamos un ejemplo,\u00a0<strong><i>el caso de Tom\u00e1s<\/i><\/strong> (<a href=\"https:\/\/www.adpsalud.es\/conversacioneskayros\/wp-content\/uploads\/2014\/04\/El_Caso_Tomas_Parte1_web.pdf\">Parte1<\/a>) (<a href=\"https:\/\/www.adpsalud.es\/conversacioneskayros\/wp-content\/uploads\/2014\/04\/El_Caso_Tomas_Parte2_web.pdf\">Parte2<\/a>), enfermo cr\u00f3nico con una enfermedad pulmonar obstructiva cr\u00f3nica en el que podemos ver a lo largo de un proceso de varios a\u00f1os y varios momentos clave, diferentes vivencias, tanto desde la perspectiva del paciente, como de los cuidadores, y de algunos de los profesionales de la salud que le atienden. Es como una historia en la que va cambiando la perspectiva del narrador para que nos demos cuenta de que en cada interacci\u00f3n cl\u00ednica entre pacientes y sus allegados y profesionales sanitarios, se producen, simult\u00e1neamente, todas estas perspectivas.<\/p>\n<p><span style=\"line-height: 1.5em;\">Encontrar espacios de comunicaci\u00f3n para facilitar el mejor abordaje de estos \u201cmomentos KAYR\u00d3S\u201d es uno de los objetivos de la siguiente secci\u00f3n, <\/span><a title=\"Conversaciones. Enfermos\/cuidadores\" href=\"https:\/\/www.adpsalud.es\/conversacioneskayros\/?page_id=612\"><span style=\"text-decoration: underline;\"><span style=\"line-height: 1.5em;\">CONVERSACIONES \u2013 KAYR\u00d3S<\/span><\/span><\/a><span style=\"line-height: 1.5em;\">.\u00a0<\/span><\/p>\n<p>ESPACIO PARA COMPARTIR: <a title=\"\u00bfHas experimentado alg\u00fan momento cr\u00edtico semejante que quieras compartir?\" href=\"https:\/\/www.adpsalud.es\/conversacioneskayros\/?p=616\" target=\"_blank\">\u00bfHas experimentado alg\u00fan momento cr\u00edtico semejante que quieras compartir?<\/a><\/p>\n","protected":false},"excerpt":{"rendered":"<p>Hay momentos decisivos de la vida que nos marcan y condicionan c\u00f3mo enfrentamos otras situaciones posteriormente. Entre estos momentos cr\u00edticos pueden estar acontecimientos traum\u00e1ticos que nos haya tocado vivir. Los problemas significativos o graves de salud y enfermedad, especialmente cuando la vida est\u00e1 en jaque o en peligro son momentos importantes. Es muy com\u00fan que las experiencias de salud y enfermedad que experimentamos o conocemos de personas muy cercanas quedan [&hellip;]<\/p>\n","protected":false},"author":5,"featured_media":0,"parent":0,"menu_order":0,"comment_status":"open","ping_status":"open","template":"","meta":{"footnotes":""},"_links":{"self":[{"href":"https:\/\/www.adpsalud.es\/conversacioneskayros\/index.php?rest_route=\/wp\/v2\/pages\/593"}],"collection":[{"href":"https:\/\/www.adpsalud.es\/conversacioneskayros\/index.php?rest_route=\/wp\/v2\/pages"}],"about":[{"href":"https:\/\/www.adpsalud.es\/conversacioneskayros\/index.php?rest_route=\/wp\/v2\/types\/page"}],"author":[{"embeddable":true,"href":"https:\/\/www.adpsalud.es\/conversacioneskayros\/index.php?rest_route=\/wp\/v2\/users\/5"}],"replies":[{"embeddable":true,"href":"https:\/\/www.adpsalud.es\/conversacioneskayros\/index.php?rest_route=%2Fwp%2Fv2%2Fcomments&post=593"}],"version-history":[{"count":8,"href":"https:\/\/www.adpsalud.es\/conversacioneskayros\/index.php?rest_route=\/wp\/v2\/pages\/593\/revisions"}],"predecessor-version":[{"id":877,"href":"https:\/\/www.adpsalud.es\/conversacioneskayros\/index.php?rest_route=\/wp\/v2\/pages\/593\/revisions\/877"}],"wp:attachment":[{"href":"https:\/\/www.adpsalud.es\/conversacioneskayros\/index.php?rest_route=%2Fwp%2Fv2%2Fmedia&parent=593"}],"curies":[{"name":"wp","href":"https:\/\/api.w.org\/{rel}","templated":true}]}}